{"id":130,"date":"2020-04-22T11:51:49","date_gmt":"2020-04-22T16:51:49","guid":{"rendered":"https:\/\/www.isaac-del-toro.mx\/?page_id=130"},"modified":"2026-03-09T02:53:05","modified_gmt":"2026-03-09T08:53:05","slug":"startseite-franzosisc","status":"publish","type":"page","link":"https:\/\/www.isaac-del-toro.mx\/fr\/","title":{"rendered":"Actualit\u00e9s d\u2019Isaac del Toro"},"content":{"rendered":"\n<div class=\"wp-block-query is-layout-flow wp-block-query-is-layout-flow\"><ul class=\"wp-block-post-template is-layout-flow wp-block-post-template-is-layout-flow\"><li class=\"wp-block-post post-1096 post type-post status-publish format-standard has-post-thumbnail hentry category-avant-course\">\n\n<div class=\"wp-block-columns is-layout-flex wp-container-core-columns-is-layout-28f84493 wp-block-columns-is-layout-flex\">\n<div class=\"wp-block-column is-layout-flow wp-block-column-is-layout-flow\" style=\"flex-basis:50%\"><figure style=\"margin-top:0px;\" class=\"wp-block-post-featured-image\"><a href=\"https:\/\/www.isaac-del-toro.mx\/fr\/fleche-wallonne-2026-isaac-del-toro-incertain-mur-de-huy\/\" target=\"_self\"  ><img loading=\"lazy\" decoding=\"async\" width=\"765\" height=\"765\" src=\"https:\/\/www.isaac-del-toro.mx\/wp-content\/uploads\/2026\/04\/job-34-20260421071822-765x765.png\" class=\"attachment-post-thumbnail size-post-thumbnail wp-post-image\" alt=\"La Fl\u00e8che Wallonne 2026 : Isaac del Toro incertain pour l&rsquo;assaut du Mur de Huy\" style=\"object-fit:cover;\" srcset=\"https:\/\/www.isaac-del-toro.mx\/wp-content\/uploads\/2026\/04\/job-34-20260421071822-765x765.png 765w, https:\/\/www.isaac-del-toro.mx\/wp-content\/uploads\/2026\/04\/job-34-20260421071822-300x300.png 300w, https:\/\/www.isaac-del-toro.mx\/wp-content\/uploads\/2026\/04\/job-34-20260421071822-150x150.png 150w, https:\/\/www.isaac-del-toro.mx\/wp-content\/uploads\/2026\/04\/job-34-20260421071822-768x768.png 768w, https:\/\/www.isaac-del-toro.mx\/wp-content\/uploads\/2026\/04\/job-34-20260421071822.png 1024w\" sizes=\"auto, (max-width: 765px) 100vw, 765px\" \/><\/a><\/figure><\/div>\n\n\n\n<div class=\"wp-block-column is-layout-flow wp-block-column-is-layout-flow\" style=\"flex-basis:50%\">\n<div class=\"wp-block-group is-layout-flow wp-block-group-is-layout-flow\" style=\"margin-bottom:3.5vw\">\n<div class=\"wp-block-group has-gray-color has-text-color has-small-font-size is-layout-flex wp-container-core-group-is-layout-0310f1db wp-block-group-is-layout-flex\">\n<p style=\"font-style:normal;font-weight:700\">Posted on<\/p>\n\n\n<div style=\"font-style:normal;font-weight:700;\" class=\"wp-block-post-date\"><time datetime=\"2026-04-20T23:19:24-06:00\"><a href=\"https:\/\/www.isaac-del-toro.mx\/fr\/fleche-wallonne-2026-isaac-del-toro-incertain-mur-de-huy\/\">20\/04\/2026<\/a><\/time><\/div>\n\n\n<p style=\"font-style:normal;font-weight:700\">by<\/p>\n\n\n<div style=\"font-style:normal;font-weight:700;\" class=\"wp-block-post-author\"><div class=\"wp-block-post-author__content\"><p class=\"wp-block-post-author__name\">Frank<\/p><\/div><\/div><\/div>\n\n\n<h2 class=\"is-style-underlined-heading wp-block-post-title has-x-large-font-size\"><a href=\"https:\/\/www.isaac-del-toro.mx\/fr\/fleche-wallonne-2026-isaac-del-toro-incertain-mur-de-huy\/\" target=\"_self\" >La Fl\u00e8che Wallonne 2026 : Isaac del Toro incertain pour l&rsquo;assaut du Mur de Huy<\/a><\/h2>\n\n<div style=\"margin-bottom:0px;\" class=\"wp-block-post-excerpt\"><p class=\"wp-block-post-excerpt__excerpt\">\u00c0 la veille de La Fl\u00e8che Wallonne 2026, l&rsquo;incertitude plane autour de la participation d&rsquo;Isaac del Toro. Le grimpeur mexicain<\/p><p class=\"wp-block-post-excerpt__more-text\"><a class=\"wp-block-post-excerpt__more-link\" href=\"https:\/\/www.isaac-del-toro.mx\/fr\/fleche-wallonne-2026-isaac-del-toro-incertain-mur-de-huy\/\"><strong>Lire la suite<\/strong><\/a><\/p><\/div><\/div>\n<\/div>\n<\/div>\n\n<\/li><li class=\"wp-block-post post-1090 post type-post status-publish format-standard has-post-thumbnail hentry category-compte-rendu\">\n\n<div class=\"wp-block-columns is-layout-flex wp-container-core-columns-is-layout-28f84493 wp-block-columns-is-layout-flex\">\n<div class=\"wp-block-column is-layout-flow wp-block-column-is-layout-flow\" style=\"flex-basis:50%\"><figure style=\"margin-top:0px;\" class=\"wp-block-post-featured-image\"><a href=\"https:\/\/www.isaac-del-toro.mx\/fr\/amstel-gold-race-2026-isaac-del-toro-forfait-evenepoel-simpose\/\" target=\"_self\"  ><img loading=\"lazy\" decoding=\"async\" width=\"765\" height=\"765\" src=\"https:\/\/www.isaac-del-toro.mx\/wp-content\/uploads\/2026\/04\/job-33-20260419174747-765x765.png\" class=\"attachment-post-thumbnail size-post-thumbnail wp-post-image\" alt=\"Amstel Gold Race 2026 : Isaac del Toro forfait, Evenepoel s&rsquo;impose\" style=\"object-fit:cover;\" srcset=\"https:\/\/www.isaac-del-toro.mx\/wp-content\/uploads\/2026\/04\/job-33-20260419174747-765x765.png 765w, https:\/\/www.isaac-del-toro.mx\/wp-content\/uploads\/2026\/04\/job-33-20260419174747-300x300.png 300w, https:\/\/www.isaac-del-toro.mx\/wp-content\/uploads\/2026\/04\/job-33-20260419174747-150x150.png 150w, https:\/\/www.isaac-del-toro.mx\/wp-content\/uploads\/2026\/04\/job-33-20260419174747-768x768.png 768w, https:\/\/www.isaac-del-toro.mx\/wp-content\/uploads\/2026\/04\/job-33-20260419174747.png 1024w\" sizes=\"auto, (max-width: 765px) 100vw, 765px\" \/><\/a><\/figure><\/div>\n\n\n\n<div class=\"wp-block-column is-layout-flow wp-block-column-is-layout-flow\" style=\"flex-basis:50%\">\n<div class=\"wp-block-group is-layout-flow wp-block-group-is-layout-flow\" style=\"margin-bottom:3.5vw\">\n<div class=\"wp-block-group has-gray-color has-text-color has-small-font-size is-layout-flex wp-container-core-group-is-layout-0310f1db wp-block-group-is-layout-flex\">\n<p style=\"font-style:normal;font-weight:700\">Posted on<\/p>\n\n\n<div style=\"font-style:normal;font-weight:700;\" class=\"wp-block-post-date\"><time datetime=\"2026-04-19T09:48:57-06:00\"><a href=\"https:\/\/www.isaac-del-toro.mx\/fr\/amstel-gold-race-2026-isaac-del-toro-forfait-evenepoel-simpose\/\">19\/04\/2026<\/a><\/time><\/div>\n\n\n<p style=\"font-style:normal;font-weight:700\">by<\/p>\n\n\n<div style=\"font-style:normal;font-weight:700;\" class=\"wp-block-post-author\"><div class=\"wp-block-post-author__content\"><p class=\"wp-block-post-author__name\">Frank<\/p><\/div><\/div><\/div>\n\n\n<h2 class=\"is-style-underlined-heading wp-block-post-title has-x-large-font-size\"><a href=\"https:\/\/www.isaac-del-toro.mx\/fr\/amstel-gold-race-2026-isaac-del-toro-forfait-evenepoel-simpose\/\" target=\"_self\" >Amstel Gold Race 2026 : Isaac del Toro forfait, Evenepoel s&rsquo;impose<\/a><\/h2>\n\n<div style=\"margin-bottom:0px;\" class=\"wp-block-post-excerpt\"><p class=\"wp-block-post-excerpt__excerpt\">Isaac del Toro (UAE Team Emirates) n&rsquo;a pas pris le d\u00e9part de l&rsquo;Amstel Gold Race 2026 ce dimanche 19 avril,<\/p><p class=\"wp-block-post-excerpt__more-text\"><a class=\"wp-block-post-excerpt__more-link\" href=\"https:\/\/www.isaac-del-toro.mx\/fr\/amstel-gold-race-2026-isaac-del-toro-forfait-evenepoel-simpose\/\"><strong>Lire la suite<\/strong><\/a><\/p><\/div><\/div>\n<\/div>\n<\/div>\n\n<\/li><li class=\"wp-block-post post-1084 post type-post status-publish format-standard has-post-thumbnail hentry category-avant-course\">\n\n<div class=\"wp-block-columns is-layout-flex wp-container-core-columns-is-layout-28f84493 wp-block-columns-is-layout-flex\">\n<div class=\"wp-block-column is-layout-flow wp-block-column-is-layout-flow\" style=\"flex-basis:50%\"><figure style=\"margin-top:0px;\" class=\"wp-block-post-featured-image\"><a href=\"https:\/\/www.isaac-del-toro.mx\/fr\/isaac-del-toro-forfait-amstel-gold-race-2026-blessure\/\" target=\"_self\"  ><img loading=\"lazy\" decoding=\"async\" width=\"765\" height=\"765\" src=\"https:\/\/www.isaac-del-toro.mx\/wp-content\/uploads\/2026\/04\/job-32-20260418070334-765x765.png\" class=\"attachment-post-thumbnail size-post-thumbnail wp-post-image\" alt=\"Isaac del Toro forfait pour l&rsquo;Amstel Gold Race 2026 suite \u00e0 sa blessure\" style=\"object-fit:cover;\" srcset=\"https:\/\/www.isaac-del-toro.mx\/wp-content\/uploads\/2026\/04\/job-32-20260418070334-765x765.png 765w, https:\/\/www.isaac-del-toro.mx\/wp-content\/uploads\/2026\/04\/job-32-20260418070334-300x300.png 300w, https:\/\/www.isaac-del-toro.mx\/wp-content\/uploads\/2026\/04\/job-32-20260418070334-150x150.png 150w, https:\/\/www.isaac-del-toro.mx\/wp-content\/uploads\/2026\/04\/job-32-20260418070334-768x768.png 768w, https:\/\/www.isaac-del-toro.mx\/wp-content\/uploads\/2026\/04\/job-32-20260418070334.png 1024w\" sizes=\"auto, (max-width: 765px) 100vw, 765px\" \/><\/a><\/figure><\/div>\n\n\n\n<div class=\"wp-block-column is-layout-flow wp-block-column-is-layout-flow\" style=\"flex-basis:50%\">\n<div class=\"wp-block-group is-layout-flow wp-block-group-is-layout-flow\" style=\"margin-bottom:3.5vw\">\n<div class=\"wp-block-group has-gray-color has-text-color has-small-font-size is-layout-flex wp-container-core-group-is-layout-0310f1db wp-block-group-is-layout-flex\">\n<p style=\"font-style:normal;font-weight:700\">Posted on<\/p>\n\n\n<div style=\"font-style:normal;font-weight:700;\" class=\"wp-block-post-date\"><time datetime=\"2026-04-17T23:04:31-06:00\"><a href=\"https:\/\/www.isaac-del-toro.mx\/fr\/isaac-del-toro-forfait-amstel-gold-race-2026-blessure\/\">17\/04\/2026<\/a><\/time><\/div>\n\n\n<p style=\"font-style:normal;font-weight:700\">by<\/p>\n\n\n<div style=\"font-style:normal;font-weight:700;\" class=\"wp-block-post-author\"><div class=\"wp-block-post-author__content\"><p class=\"wp-block-post-author__name\">Frank<\/p><\/div><\/div><\/div>\n\n\n<h2 class=\"is-style-underlined-heading wp-block-post-title has-x-large-font-size\"><a href=\"https:\/\/www.isaac-del-toro.mx\/fr\/isaac-del-toro-forfait-amstel-gold-race-2026-blessure\/\" target=\"_self\" >Isaac del Toro forfait pour l&rsquo;Amstel Gold Race 2026 suite \u00e0 sa blessure<\/a><\/h2>\n\n<div style=\"margin-bottom:0px;\" class=\"wp-block-post-excerpt\"><p class=\"wp-block-post-excerpt__excerpt\">L&rsquo;Amstel Gold Race 2026, pr\u00e9vue ce dimanche 19 avril, devra se passer d&rsquo;Isaac del Toro. Le coureur mexicain d&rsquo;UAE Team<\/p><p class=\"wp-block-post-excerpt__more-text\"><a class=\"wp-block-post-excerpt__more-link\" href=\"https:\/\/www.isaac-del-toro.mx\/fr\/isaac-del-toro-forfait-amstel-gold-race-2026-blessure\/\"><strong>Lire la suite<\/strong><\/a><\/p><\/div><\/div>\n<\/div>\n<\/div>\n\n<\/li><li class=\"wp-block-post post-1078 post type-post status-publish format-standard has-post-thumbnail hentry category-avant-course\">\n\n<div class=\"wp-block-columns is-layout-flex wp-container-core-columns-is-layout-28f84493 wp-block-columns-is-layout-flex\">\n<div class=\"wp-block-column is-layout-flow wp-block-column-is-layout-flow\" style=\"flex-basis:50%\"><figure style=\"margin-top:0px;\" class=\"wp-block-post-featured-image\"><a href=\"https:\/\/www.isaac-del-toro.mx\/fr\/itzulia-2026-etape-6-sans-isaac-del-toro\/\" target=\"_self\"  ><img loading=\"lazy\" decoding=\"async\" width=\"765\" height=\"765\" src=\"https:\/\/www.isaac-del-toro.mx\/wp-content\/uploads\/2026\/04\/job-31-20260411070312-765x765.png\" class=\"attachment-post-thumbnail size-post-thumbnail wp-post-image\" alt=\"Itzulia 2026 : L&rsquo;\u00e9tape 6 se d\u00e9roulera sans Isaac del Toro\" style=\"object-fit:cover;\" srcset=\"https:\/\/www.isaac-del-toro.mx\/wp-content\/uploads\/2026\/04\/job-31-20260411070312-765x765.png 765w, https:\/\/www.isaac-del-toro.mx\/wp-content\/uploads\/2026\/04\/job-31-20260411070312-300x300.png 300w, https:\/\/www.isaac-del-toro.mx\/wp-content\/uploads\/2026\/04\/job-31-20260411070312-150x150.png 150w, https:\/\/www.isaac-del-toro.mx\/wp-content\/uploads\/2026\/04\/job-31-20260411070312-768x768.png 768w, https:\/\/www.isaac-del-toro.mx\/wp-content\/uploads\/2026\/04\/job-31-20260411070312.png 1024w\" sizes=\"auto, (max-width: 765px) 100vw, 765px\" \/><\/a><\/figure><\/div>\n\n\n\n<div class=\"wp-block-column is-layout-flow wp-block-column-is-layout-flow\" style=\"flex-basis:50%\">\n<div class=\"wp-block-group is-layout-flow wp-block-group-is-layout-flow\" style=\"margin-bottom:3.5vw\">\n<div class=\"wp-block-group has-gray-color has-text-color has-small-font-size is-layout-flex wp-container-core-group-is-layout-0310f1db wp-block-group-is-layout-flex\">\n<p style=\"font-style:normal;font-weight:700\">Posted on<\/p>\n\n\n<div style=\"font-style:normal;font-weight:700;\" class=\"wp-block-post-date\"><time datetime=\"2026-04-10T23:04:41-06:00\"><a href=\"https:\/\/www.isaac-del-toro.mx\/fr\/itzulia-2026-etape-6-sans-isaac-del-toro\/\">10\/04\/2026<\/a><\/time><\/div>\n\n\n<p style=\"font-style:normal;font-weight:700\">by<\/p>\n\n\n<div style=\"font-style:normal;font-weight:700;\" class=\"wp-block-post-author\"><div class=\"wp-block-post-author__content\"><p class=\"wp-block-post-author__name\">Frank<\/p><\/div><\/div><\/div>\n\n\n<h2 class=\"is-style-underlined-heading wp-block-post-title has-x-large-font-size\"><a href=\"https:\/\/www.isaac-del-toro.mx\/fr\/itzulia-2026-etape-6-sans-isaac-del-toro\/\" target=\"_self\" >Itzulia 2026 : L&rsquo;\u00e9tape 6 se d\u00e9roulera sans Isaac del Toro<\/a><\/h2>\n\n<div style=\"margin-bottom:0px;\" class=\"wp-block-post-excerpt\"><p class=\"wp-block-post-excerpt__excerpt\">La sixi\u00e8me et derni\u00e8re \u00e9tape de l&rsquo;Itzulia Basque Country 2026 se d\u00e9roulera ce vendredi 11 avril entre Antzuola et Bergara,<\/p><p class=\"wp-block-post-excerpt__more-text\"><a class=\"wp-block-post-excerpt__more-link\" href=\"https:\/\/www.isaac-del-toro.mx\/fr\/itzulia-2026-etape-6-sans-isaac-del-toro\/\"><strong>Lire la suite<\/strong><\/a><\/p><\/div><\/div>\n<\/div>\n<\/div>\n\n<\/li><li class=\"wp-block-post post-1072 post type-post status-publish format-standard has-post-thumbnail hentry category-compte-rendu\">\n\n<div class=\"wp-block-columns is-layout-flex wp-container-core-columns-is-layout-28f84493 wp-block-columns-is-layout-flex\">\n<div class=\"wp-block-column is-layout-flow wp-block-column-is-layout-flow\" style=\"flex-basis:50%\"><figure style=\"margin-top:0px;\" class=\"wp-block-post-featured-image\"><a href=\"https:\/\/www.isaac-del-toro.mx\/fr\/isaac-del-toro-absent-etape-6-itzulia-abandon\/\" target=\"_self\"  ><img loading=\"lazy\" decoding=\"async\" width=\"765\" height=\"765\" src=\"https:\/\/www.isaac-del-toro.mx\/wp-content\/uploads\/2026\/04\/job-30-20260411001756-765x765.png\" class=\"attachment-post-thumbnail size-post-thumbnail wp-post-image\" alt=\"Isaac del Toro absent de la 6e \u00e9tape de l&rsquo;Itzulia apr\u00e8s son abandon\" style=\"object-fit:cover;\" srcset=\"https:\/\/www.isaac-del-toro.mx\/wp-content\/uploads\/2026\/04\/job-30-20260411001756-765x765.png 765w, https:\/\/www.isaac-del-toro.mx\/wp-content\/uploads\/2026\/04\/job-30-20260411001756-300x300.png 300w, https:\/\/www.isaac-del-toro.mx\/wp-content\/uploads\/2026\/04\/job-30-20260411001756-150x150.png 150w, https:\/\/www.isaac-del-toro.mx\/wp-content\/uploads\/2026\/04\/job-30-20260411001756-768x768.png 768w, https:\/\/www.isaac-del-toro.mx\/wp-content\/uploads\/2026\/04\/job-30-20260411001756.png 1024w\" sizes=\"auto, (max-width: 765px) 100vw, 765px\" \/><\/a><\/figure><\/div>\n\n\n\n<div class=\"wp-block-column is-layout-flow wp-block-column-is-layout-flow\" style=\"flex-basis:50%\">\n<div class=\"wp-block-group is-layout-flow wp-block-group-is-layout-flow\" style=\"margin-bottom:3.5vw\">\n<div class=\"wp-block-group has-gray-color has-text-color has-small-font-size is-layout-flex wp-container-core-group-is-layout-0310f1db wp-block-group-is-layout-flex\">\n<p style=\"font-style:normal;font-weight:700\">Posted on<\/p>\n\n\n<div style=\"font-style:normal;font-weight:700;\" class=\"wp-block-post-date\"><time datetime=\"2026-04-10T16:19:02-06:00\"><a href=\"https:\/\/www.isaac-del-toro.mx\/fr\/isaac-del-toro-absent-etape-6-itzulia-abandon\/\">10\/04\/2026<\/a><\/time><\/div>\n\n\n<p style=\"font-style:normal;font-weight:700\">by<\/p>\n\n\n<div style=\"font-style:normal;font-weight:700;\" class=\"wp-block-post-author\"><div class=\"wp-block-post-author__content\"><p class=\"wp-block-post-author__name\">Frank<\/p><\/div><\/div><\/div>\n\n\n<h2 class=\"is-style-underlined-heading wp-block-post-title has-x-large-font-size\"><a href=\"https:\/\/www.isaac-del-toro.mx\/fr\/isaac-del-toro-absent-etape-6-itzulia-abandon\/\" target=\"_self\" >Isaac del Toro absent de la 6e \u00e9tape de l&rsquo;Itzulia apr\u00e8s son abandon<\/a><\/h2>\n\n<div style=\"margin-bottom:0px;\" class=\"wp-block-post-excerpt\"><p class=\"wp-block-post-excerpt__excerpt\">Isaac del Toro (UAE Team Emirates) \u00e9tait absent du peloton lors de la 6e \u00e9tape de l&rsquo;Itzulia Basque Country 2026,<\/p><p class=\"wp-block-post-excerpt__more-text\"><a class=\"wp-block-post-excerpt__more-link\" href=\"https:\/\/www.isaac-del-toro.mx\/fr\/isaac-del-toro-absent-etape-6-itzulia-abandon\/\"><strong>Lire la suite<\/strong><\/a><\/p><\/div><\/div>\n<\/div>\n<\/div>\n\n<\/li><li class=\"wp-block-post post-1042 post type-post status-publish format-standard has-post-thumbnail hentry category-avant-course\">\n\n<div class=\"wp-block-columns is-layout-flex wp-container-core-columns-is-layout-28f84493 wp-block-columns-is-layout-flex\">\n<div class=\"wp-block-column is-layout-flow wp-block-column-is-layout-flow\" style=\"flex-basis:50%\"><figure style=\"margin-top:0px;\" class=\"wp-block-post-featured-image\"><a href=\"https:\/\/www.isaac-del-toro.mx\/fr\/itzulia-2026-isaac-del-toro-etape-3-basauri\/\" target=\"_self\"  ><img loading=\"lazy\" decoding=\"async\" width=\"765\" height=\"765\" src=\"https:\/\/www.isaac-del-toro.mx\/wp-content\/uploads\/2026\/04\/job-24-20260408071748-765x765.png\" class=\"attachment-post-thumbnail size-post-thumbnail wp-post-image\" alt=\"Itzulia 2026 : Isaac del Toro face au d\u00e9fi basque de la 3e \u00e9tape\" style=\"object-fit:cover;\" srcset=\"https:\/\/www.isaac-del-toro.mx\/wp-content\/uploads\/2026\/04\/job-24-20260408071748-765x765.png 765w, https:\/\/www.isaac-del-toro.mx\/wp-content\/uploads\/2026\/04\/job-24-20260408071748-300x300.png 300w, https:\/\/www.isaac-del-toro.mx\/wp-content\/uploads\/2026\/04\/job-24-20260408071748-150x150.png 150w, https:\/\/www.isaac-del-toro.mx\/wp-content\/uploads\/2026\/04\/job-24-20260408071748-768x768.png 768w, https:\/\/www.isaac-del-toro.mx\/wp-content\/uploads\/2026\/04\/job-24-20260408071748.png 1024w\" sizes=\"auto, (max-width: 765px) 100vw, 765px\" \/><\/a><\/figure><\/div>\n\n\n\n<div class=\"wp-block-column is-layout-flow wp-block-column-is-layout-flow\" style=\"flex-basis:50%\">\n<div class=\"wp-block-group is-layout-flow wp-block-group-is-layout-flow\" style=\"margin-bottom:3.5vw\">\n<div class=\"wp-block-group has-gray-color has-text-color has-small-font-size is-layout-flex wp-container-core-group-is-layout-0310f1db wp-block-group-is-layout-flex\">\n<p style=\"font-style:normal;font-weight:700\">Posted on<\/p>\n\n\n<div style=\"font-style:normal;font-weight:700;\" class=\"wp-block-post-date\"><time datetime=\"2026-04-07T23:19:21-06:00\"><a href=\"https:\/\/www.isaac-del-toro.mx\/fr\/itzulia-2026-isaac-del-toro-etape-3-basauri\/\">07\/04\/2026<\/a><\/time><\/div>\n\n\n<p style=\"font-style:normal;font-weight:700\">by<\/p>\n\n\n<div style=\"font-style:normal;font-weight:700;\" class=\"wp-block-post-author\"><div class=\"wp-block-post-author__content\"><p class=\"wp-block-post-author__name\">Frank<\/p><\/div><\/div><\/div>\n\n\n<h2 class=\"is-style-underlined-heading wp-block-post-title has-x-large-font-size\"><a href=\"https:\/\/www.isaac-del-toro.mx\/fr\/itzulia-2026-isaac-del-toro-etape-3-basauri\/\" target=\"_self\" >Itzulia 2026 : Isaac del Toro face au d\u00e9fi basque de la 3e \u00e9tape<\/a><\/h2>\n\n<div style=\"margin-bottom:0px;\" class=\"wp-block-post-excerpt\"><p class=\"wp-block-post-excerpt__excerpt\">La troisi\u00e8me \u00e9tape de l&rsquo;Itzulia Basque Country 2026 promet d&rsquo;\u00eatre un v\u00e9ritable test de r\u00e9sistance ce mardi 8 avril. Le<\/p><p class=\"wp-block-post-excerpt__more-text\"><a class=\"wp-block-post-excerpt__more-link\" href=\"https:\/\/www.isaac-del-toro.mx\/fr\/itzulia-2026-isaac-del-toro-etape-3-basauri\/\"><strong>Lire la suite<\/strong><\/a><\/p><\/div><\/div>\n<\/div>\n<\/div>\n\n<\/li><li class=\"wp-block-post post-1036 post type-post status-publish format-standard has-post-thumbnail hentry category-compte-rendu\">\n\n<div class=\"wp-block-columns is-layout-flex wp-container-core-columns-is-layout-28f84493 wp-block-columns-is-layout-flex\">\n<div class=\"wp-block-column is-layout-flow wp-block-column-is-layout-flow\" style=\"flex-basis:50%\"><figure style=\"margin-top:0px;\" class=\"wp-block-post-featured-image\"><a href=\"https:\/\/www.isaac-del-toro.mx\/fr\/paul-seixas-gagne-etape-2-itzulia-isaac-del-toro\/\" target=\"_self\"  ><img loading=\"lazy\" decoding=\"async\" width=\"765\" height=\"765\" src=\"https:\/\/www.isaac-del-toro.mx\/wp-content\/uploads\/2026\/04\/job-23-20260407180354-765x765.png\" class=\"attachment-post-thumbnail size-post-thumbnail wp-post-image\" alt=\"Paul Seixas s&rsquo;impose sur la 2e \u00e9tape de l&rsquo;Itzulia, Isaac del Toro dans l&rsquo;expectative\" style=\"object-fit:cover;\" srcset=\"https:\/\/www.isaac-del-toro.mx\/wp-content\/uploads\/2026\/04\/job-23-20260407180354-765x765.png 765w, https:\/\/www.isaac-del-toro.mx\/wp-content\/uploads\/2026\/04\/job-23-20260407180354-300x300.png 300w, https:\/\/www.isaac-del-toro.mx\/wp-content\/uploads\/2026\/04\/job-23-20260407180354-150x150.png 150w, https:\/\/www.isaac-del-toro.mx\/wp-content\/uploads\/2026\/04\/job-23-20260407180354-768x768.png 768w, https:\/\/www.isaac-del-toro.mx\/wp-content\/uploads\/2026\/04\/job-23-20260407180354.png 1024w\" sizes=\"auto, (max-width: 765px) 100vw, 765px\" \/><\/a><\/figure><\/div>\n\n\n\n<div class=\"wp-block-column is-layout-flow wp-block-column-is-layout-flow\" style=\"flex-basis:50%\">\n<div class=\"wp-block-group is-layout-flow wp-block-group-is-layout-flow\" style=\"margin-bottom:3.5vw\">\n<div class=\"wp-block-group has-gray-color has-text-color has-small-font-size is-layout-flex wp-container-core-group-is-layout-0310f1db wp-block-group-is-layout-flex\">\n<p style=\"font-style:normal;font-weight:700\">Posted on<\/p>\n\n\n<div style=\"font-style:normal;font-weight:700;\" class=\"wp-block-post-date\"><time datetime=\"2026-04-07T10:05:03-06:00\"><a href=\"https:\/\/www.isaac-del-toro.mx\/fr\/paul-seixas-gagne-etape-2-itzulia-isaac-del-toro\/\">07\/04\/2026<\/a><\/time><\/div>\n\n\n<p style=\"font-style:normal;font-weight:700\">by<\/p>\n\n\n<div style=\"font-style:normal;font-weight:700;\" class=\"wp-block-post-author\"><div class=\"wp-block-post-author__content\"><p class=\"wp-block-post-author__name\">Frank<\/p><\/div><\/div><\/div>\n\n\n<h2 class=\"is-style-underlined-heading wp-block-post-title has-x-large-font-size\"><a href=\"https:\/\/www.isaac-del-toro.mx\/fr\/paul-seixas-gagne-etape-2-itzulia-isaac-del-toro\/\" target=\"_self\" >Paul Seixas s&rsquo;impose sur la 2e \u00e9tape de l&rsquo;Itzulia, Isaac del Toro dans l&rsquo;expectative<\/a><\/h2>\n\n<div style=\"margin-bottom:0px;\" class=\"wp-block-post-excerpt\"><p class=\"wp-block-post-excerpt__excerpt\">Paul Seixas a remport\u00e9 la deuxi\u00e8me \u00e9tape de l&rsquo;Itzulia Basque Country 2026, consolidant sa position de leader apr\u00e8s son succ\u00e8s<\/p><p class=\"wp-block-post-excerpt__more-text\"><a class=\"wp-block-post-excerpt__more-link\" href=\"https:\/\/www.isaac-del-toro.mx\/fr\/paul-seixas-gagne-etape-2-itzulia-isaac-del-toro\/\"><strong>Lire la suite<\/strong><\/a><\/p><\/div><\/div>\n<\/div>\n<\/div>\n\n<\/li><li class=\"wp-block-post post-1030 post type-post status-publish format-standard hentry category-videos\">\n\n<div class=\"wp-block-columns is-layout-flex wp-container-core-columns-is-layout-28f84493 wp-block-columns-is-layout-flex\">\n<div class=\"wp-block-column is-layout-flow wp-block-column-is-layout-flow\" style=\"flex-basis:50%\"><\/div>\n\n\n\n<div class=\"wp-block-column is-layout-flow wp-block-column-is-layout-flow\" style=\"flex-basis:50%\">\n<div class=\"wp-block-group is-layout-flow wp-block-group-is-layout-flow\" style=\"margin-bottom:3.5vw\">\n<div class=\"wp-block-group has-gray-color has-text-color has-small-font-size is-layout-flex wp-container-core-group-is-layout-0310f1db wp-block-group-is-layout-flex\">\n<p style=\"font-style:normal;font-weight:700\">Posted on<\/p>\n\n\n<div style=\"font-style:normal;font-weight:700;\" class=\"wp-block-post-date\"><time datetime=\"2026-04-07T05:00:33-06:00\"><a href=\"https:\/\/www.isaac-del-toro.mx\/fr\/isaac-del-toro-interview-etape-2-itzulia-basque-country-2026\/\">07\/04\/2026<\/a><\/time><\/div>\n\n\n<p style=\"font-style:normal;font-weight:700\">by<\/p>\n\n\n<div style=\"font-style:normal;font-weight:700;\" class=\"wp-block-post-author\"><div class=\"wp-block-post-author__content\"><p class=\"wp-block-post-author__name\">Frank<\/p><\/div><\/div><\/div>\n\n\n<h2 class=\"is-style-underlined-heading wp-block-post-title has-x-large-font-size\"><a href=\"https:\/\/www.isaac-del-toro.mx\/fr\/isaac-del-toro-interview-etape-2-itzulia-basque-country-2026\/\" target=\"_self\" >Isaac del Toro s&rsquo;exprime avant la deuxi\u00e8me \u00e9tape de l&rsquo;Itzulia Basque Country 2026<\/a><\/h2>\n\n<div style=\"margin-bottom:0px;\" class=\"wp-block-post-excerpt\"><p class=\"wp-block-post-excerpt__excerpt\">Isaac del Toro s&rsquo;est exprim\u00e9 au d\u00e9part de la deuxi\u00e8me \u00e9tape de l&rsquo;Itzulia Basque Country 2026, course embl\u00e9matique du calendrier<\/p><p class=\"wp-block-post-excerpt__more-text\"><a class=\"wp-block-post-excerpt__more-link\" href=\"https:\/\/www.isaac-del-toro.mx\/fr\/isaac-del-toro-interview-etape-2-itzulia-basque-country-2026\/\"><strong>Lire la suite<\/strong><\/a><\/p><\/div><\/div>\n<\/div>\n<\/div>\n\n<\/li><li class=\"wp-block-post post-1025 post type-post status-publish format-standard has-post-thumbnail hentry category-avant-course\">\n\n<div class=\"wp-block-columns is-layout-flex wp-container-core-columns-is-layout-28f84493 wp-block-columns-is-layout-flex\">\n<div class=\"wp-block-column is-layout-flow wp-block-column-is-layout-flow\" style=\"flex-basis:50%\"><figure style=\"margin-top:0px;\" class=\"wp-block-post-featured-image\"><a href=\"https:\/\/www.isaac-del-toro.mx\/fr\/del-toro-defi-san-miguel-aralar-etape-2-itzulia\/\" target=\"_self\"  ><img loading=\"lazy\" decoding=\"async\" width=\"765\" height=\"765\" src=\"https:\/\/www.isaac-del-toro.mx\/wp-content\/uploads\/2026\/04\/job-22-20260407070418-765x765.png\" class=\"attachment-post-thumbnail size-post-thumbnail wp-post-image\" alt=\"Del Toro face au d\u00e9fi de San Miguel de Aralar lors de la 2e \u00e9tape de l&rsquo;Itzulia\" style=\"object-fit:cover;\" srcset=\"https:\/\/www.isaac-del-toro.mx\/wp-content\/uploads\/2026\/04\/job-22-20260407070418-765x765.png 765w, https:\/\/www.isaac-del-toro.mx\/wp-content\/uploads\/2026\/04\/job-22-20260407070418-300x300.png 300w, https:\/\/www.isaac-del-toro.mx\/wp-content\/uploads\/2026\/04\/job-22-20260407070418-150x150.png 150w, https:\/\/www.isaac-del-toro.mx\/wp-content\/uploads\/2026\/04\/job-22-20260407070418-768x768.png 768w, https:\/\/www.isaac-del-toro.mx\/wp-content\/uploads\/2026\/04\/job-22-20260407070418.png 1024w\" sizes=\"auto, (max-width: 765px) 100vw, 765px\" \/><\/a><\/figure><\/div>\n\n\n\n<div class=\"wp-block-column is-layout-flow wp-block-column-is-layout-flow\" style=\"flex-basis:50%\">\n<div class=\"wp-block-group is-layout-flow wp-block-group-is-layout-flow\" style=\"margin-bottom:3.5vw\">\n<div class=\"wp-block-group has-gray-color has-text-color has-small-font-size is-layout-flex wp-container-core-group-is-layout-0310f1db wp-block-group-is-layout-flex\">\n<p style=\"font-style:normal;font-weight:700\">Posted on<\/p>\n\n\n<div style=\"font-style:normal;font-weight:700;\" class=\"wp-block-post-date\"><time datetime=\"2026-04-06T23:05:43-06:00\"><a href=\"https:\/\/www.isaac-del-toro.mx\/fr\/del-toro-defi-san-miguel-aralar-etape-2-itzulia\/\">06\/04\/2026<\/a><\/time><\/div>\n\n\n<p style=\"font-style:normal;font-weight:700\">by<\/p>\n\n\n<div style=\"font-style:normal;font-weight:700;\" class=\"wp-block-post-author\"><div class=\"wp-block-post-author__content\"><p class=\"wp-block-post-author__name\">Frank<\/p><\/div><\/div><\/div>\n\n\n<h2 class=\"is-style-underlined-heading wp-block-post-title has-x-large-font-size\"><a href=\"https:\/\/www.isaac-del-toro.mx\/fr\/del-toro-defi-san-miguel-aralar-etape-2-itzulia\/\" target=\"_self\" >Del Toro face au d\u00e9fi de San Miguel de Aralar lors de la 2e \u00e9tape de l&rsquo;Itzulia<\/a><\/h2>\n\n<div style=\"margin-bottom:0px;\" class=\"wp-block-post-excerpt\"><p class=\"wp-block-post-excerpt__excerpt\">La deuxi\u00e8me \u00e9tape de l&rsquo;Itzulia Basque Country 2026 promet d&rsquo;\u00eatre d\u00e9terminante pour Isaac del Toro et ses ambitions g\u00e9n\u00e9rales. Le<\/p><p class=\"wp-block-post-excerpt__more-text\"><a class=\"wp-block-post-excerpt__more-link\" href=\"https:\/\/www.isaac-del-toro.mx\/fr\/del-toro-defi-san-miguel-aralar-etape-2-itzulia\/\"><strong>Lire la suite<\/strong><\/a><\/p><\/div><\/div>\n<\/div>\n<\/div>\n\n<\/li><li class=\"wp-block-post post-1019 post type-post status-publish format-standard has-post-thumbnail hentry category-compte-rendu\">\n\n<div class=\"wp-block-columns is-layout-flex wp-container-core-columns-is-layout-28f84493 wp-block-columns-is-layout-flex\">\n<div class=\"wp-block-column is-layout-flow wp-block-column-is-layout-flow\" style=\"flex-basis:50%\"><figure style=\"margin-top:0px;\" class=\"wp-block-post-featured-image\"><a href=\"https:\/\/www.isaac-del-toro.mx\/fr\/isaac-del-toro-13e-contre-la-montre-itzulia-seixas-victoire\/\" target=\"_self\"  ><img loading=\"lazy\" decoding=\"async\" width=\"765\" height=\"765\" src=\"https:\/\/www.isaac-del-toro.mx\/wp-content\/uploads\/2026\/04\/job-21-20260406180250-765x765.png\" class=\"attachment-post-thumbnail size-post-thumbnail wp-post-image\" alt=\"Isaac del Toro termine 13e du contre-la-montre inaugural de l&rsquo;Itzulia, Seixas s&rsquo;impose\" style=\"object-fit:cover;\" srcset=\"https:\/\/www.isaac-del-toro.mx\/wp-content\/uploads\/2026\/04\/job-21-20260406180250-765x765.png 765w, https:\/\/www.isaac-del-toro.mx\/wp-content\/uploads\/2026\/04\/job-21-20260406180250-300x300.png 300w, https:\/\/www.isaac-del-toro.mx\/wp-content\/uploads\/2026\/04\/job-21-20260406180250-150x150.png 150w, https:\/\/www.isaac-del-toro.mx\/wp-content\/uploads\/2026\/04\/job-21-20260406180250-768x768.png 768w, https:\/\/www.isaac-del-toro.mx\/wp-content\/uploads\/2026\/04\/job-21-20260406180250.png 1024w\" sizes=\"auto, (max-width: 765px) 100vw, 765px\" \/><\/a><\/figure><\/div>\n\n\n\n<div class=\"wp-block-column is-layout-flow wp-block-column-is-layout-flow\" style=\"flex-basis:50%\">\n<div class=\"wp-block-group is-layout-flow wp-block-group-is-layout-flow\" style=\"margin-bottom:3.5vw\">\n<div class=\"wp-block-group has-gray-color has-text-color has-small-font-size is-layout-flex wp-container-core-group-is-layout-0310f1db wp-block-group-is-layout-flex\">\n<p style=\"font-style:normal;font-weight:700\">Posted on<\/p>\n\n\n<div style=\"font-style:normal;font-weight:700;\" class=\"wp-block-post-date\"><time datetime=\"2026-04-06T10:04:04-06:00\"><a href=\"https:\/\/www.isaac-del-toro.mx\/fr\/isaac-del-toro-13e-contre-la-montre-itzulia-seixas-victoire\/\">06\/04\/2026<\/a><\/time><\/div>\n\n\n<p style=\"font-style:normal;font-weight:700\">by<\/p>\n\n\n<div style=\"font-style:normal;font-weight:700;\" class=\"wp-block-post-author\"><div class=\"wp-block-post-author__content\"><p class=\"wp-block-post-author__name\">Frank<\/p><\/div><\/div><\/div>\n\n\n<h2 class=\"is-style-underlined-heading wp-block-post-title has-x-large-font-size\"><a href=\"https:\/\/www.isaac-del-toro.mx\/fr\/isaac-del-toro-13e-contre-la-montre-itzulia-seixas-victoire\/\" target=\"_self\" >Isaac del Toro termine 13e du contre-la-montre inaugural de l&rsquo;Itzulia, Seixas s&rsquo;impose<\/a><\/h2>\n\n<div style=\"margin-bottom:0px;\" class=\"wp-block-post-excerpt\"><p class=\"wp-block-post-excerpt__excerpt\">Isaac del Toro (UAE Team Emirates) a termin\u00e9 \u00e0 la 13e place du contre-la-montre inaugural de l&rsquo;Itzulia Basque Country 2026,<\/p><p class=\"wp-block-post-excerpt__more-text\"><a class=\"wp-block-post-excerpt__more-link\" href=\"https:\/\/www.isaac-del-toro.mx\/fr\/isaac-del-toro-13e-contre-la-montre-itzulia-seixas-victoire\/\"><strong>Lire la suite<\/strong><\/a><\/p><\/div><\/div>\n<\/div>\n<\/div>\n\n<\/li><\/ul>\n\n<nav class=\"wp-block-query-pagination is-nowrap is-layout-flex wp-container-core-query-pagination-is-layout-6c531013 wp-block-query-pagination-is-layout-flex\" aria-label=\"Pagination\">\n<div class=\"wp-block-query-pagination-numbers\"><span aria-current=\"page\" class=\"page-numbers current\">1<\/span>\n<a class=\"page-numbers\" href=\"?query-1-page=2\">2<\/a>\n<a class=\"page-numbers\" href=\"?query-1-page=3\">3<\/a>\n<span class=\"page-numbers dots\">\u2026<\/span>\n<a class=\"page-numbers\" href=\"?query-1-page=6\">6<\/a><\/div>\n<\/nav><\/div>\n","protected":false},"excerpt":{"rendered":"","protected":false},"author":1,"featured_media":0,"parent":0,"menu_order":0,"comment_status":"closed","ping_status":"closed","template":"page-sidebar-right","meta":{"footnotes":""},"class_list":["post-130","page","type-page","status-publish","hentry"],"yoast_head":"<!-- This site is optimized with the Yoast SEO plugin v27.1.1 - https:\/\/yoast.com\/product\/yoast-seo-wordpress\/ -->\n<title>Isaac del Toro \u2013 Blog non officiel \ud83c\uddf2\ud83c\uddfd\ud83d\udeb4 Infos, bio et calendrier<\/title>\n<meta name=\"description\" content=\"Description: Blog francophone d\u00e9di\u00e9 \u00e0 Isaac del Toro : r\u00e9sultats, calendrier, biographie et actualit\u00e9s.\" \/>\n<meta name=\"robots\" content=\"index, follow, max-snippet:-1, max-image-preview:large, max-video-preview:-1\" \/>\n<link rel=\"canonical\" href=\"https:\/\/www.isaac-del-toro.mx\/fr\/\" \/>\n<meta property=\"og:locale\" content=\"fr_FR\" \/>\n<meta property=\"og:type\" content=\"article\" \/>\n<meta property=\"og:title\" content=\"Isaac del Toro \u2013 Blog non officiel \ud83c\uddf2\ud83c\uddfd\ud83d\udeb4 Infos, bio et calendrier\" \/>\n<meta property=\"og:description\" content=\"Description: Blog francophone d\u00e9di\u00e9 \u00e0 Isaac del Toro : r\u00e9sultats, calendrier, biographie et actualit\u00e9s.\" \/>\n<meta property=\"og:url\" content=\"https:\/\/www.isaac-del-toro.mx\/fr\/\" \/>\n<meta property=\"og:site_name\" content=\"Isaac del Toro Romero\" \/>\n<meta property=\"article:modified_time\" content=\"2026-03-09T08:53:05+00:00\" \/>\n<meta name=\"twitter:card\" content=\"summary_large_image\" \/>\n<meta name=\"twitter:label1\" content=\"Dur\u00e9e de lecture estim\u00e9e\" \/>\n\t<meta name=\"twitter:data1\" content=\"1 minute\" \/>\n<script type=\"application\/ld+json\" class=\"yoast-schema-graph\">{\"@context\":\"https:\/\/schema.org\",\"@graph\":[{\"@type\":\"WebPage\",\"@id\":\"https:\/\/www.isaac-del-toro.mx\/fr\/\",\"url\":\"https:\/\/www.isaac-del-toro.mx\/fr\/\",\"name\":\"Isaac del Toro \u2013 Blog non officiel \ud83c\uddf2\ud83c\uddfd\ud83d\udeb4 Infos, bio et calendrier\",\"isPartOf\":{\"@id\":\"https:\/\/www.isaac-del-toro.mx\/fr\/#website\"},\"datePublished\":\"2020-04-22T16:51:49+00:00\",\"dateModified\":\"2026-03-09T08:53:05+00:00\",\"description\":\"Description: Blog francophone d\u00e9di\u00e9 \u00e0 Isaac del Toro : r\u00e9sultats, calendrier, biographie et actualit\u00e9s.\",\"breadcrumb\":{\"@id\":\"https:\/\/www.isaac-del-toro.mx\/fr\/#breadcrumb\"},\"inLanguage\":\"fr-FR\",\"potentialAction\":[{\"@type\":\"ReadAction\",\"target\":[\"https:\/\/www.isaac-del-toro.mx\/fr\/\"]}]},{\"@type\":\"BreadcrumbList\",\"@id\":\"https:\/\/www.isaac-del-toro.mx\/fr\/#breadcrumb\",\"itemListElement\":[{\"@type\":\"ListItem\",\"position\":1,\"name\":\"Start\",\"item\":\"https:\/\/www.isaac-del-toro.mx\/fr\/\"},{\"@type\":\"ListItem\",\"position\":2,\"name\":\"Actualit\u00e9s d\u2019Isaac del Toro\"}]},{\"@type\":\"WebSite\",\"@id\":\"https:\/\/www.isaac-del-toro.mx\/fr\/#website\",\"url\":\"https:\/\/www.isaac-del-toro.mx\/fr\/\",\"name\":\"Isaac del Toro Romero\",\"description\":\"\",\"publisher\":{\"@id\":\"https:\/\/www.isaac-del-toro.mx\/fr\/#\/schema\/person\/7cbbcf16bd93d1b98eeb4ab7a1fbd7ba\"},\"potentialAction\":[{\"@type\":\"SearchAction\",\"target\":{\"@type\":\"EntryPoint\",\"urlTemplate\":\"https:\/\/www.isaac-del-toro.mx\/fr\/?s={search_term_string}\"},\"query-input\":{\"@type\":\"PropertyValueSpecification\",\"valueRequired\":true,\"valueName\":\"search_term_string\"}}],\"inLanguage\":\"fr-FR\"},{\"@type\":[\"Person\",\"Organization\"],\"@id\":\"https:\/\/www.isaac-del-toro.mx\/fr\/#\/schema\/person\/7cbbcf16bd93d1b98eeb4ab7a1fbd7ba\",\"name\":\"Isaac del Toro Romero\",\"logo\":{\"@id\":\"https:\/\/www.isaac-del-toro.mx\/fr\/#\/schema\/person\/image\/\"}}]}<\/script>\n<!-- \/ Yoast SEO plugin. -->","yoast_head_json":{"title":"Isaac del Toro \u2013 Blog non officiel \ud83c\uddf2\ud83c\uddfd\ud83d\udeb4 Infos, bio et calendrier","description":"Description: Blog francophone d\u00e9di\u00e9 \u00e0 Isaac del Toro : r\u00e9sultats, calendrier, biographie et actualit\u00e9s.","robots":{"index":"index","follow":"follow","max-snippet":"max-snippet:-1","max-image-preview":"max-image-preview:large","max-video-preview":"max-video-preview:-1"},"canonical":"https:\/\/www.isaac-del-toro.mx\/fr\/","og_locale":"fr_FR","og_type":"article","og_title":"Isaac del Toro \u2013 Blog non officiel \ud83c\uddf2\ud83c\uddfd\ud83d\udeb4 Infos, bio et calendrier","og_description":"Description: Blog francophone d\u00e9di\u00e9 \u00e0 Isaac del Toro : r\u00e9sultats, calendrier, biographie et actualit\u00e9s.","og_url":"https:\/\/www.isaac-del-toro.mx\/fr\/","og_site_name":"Isaac del Toro Romero","article_modified_time":"2026-03-09T08:53:05+00:00","twitter_card":"summary_large_image","twitter_misc":{"Dur\u00e9e de lecture estim\u00e9e":"1 minute"},"schema":{"@context":"https:\/\/schema.org","@graph":[{"@type":"WebPage","@id":"https:\/\/www.isaac-del-toro.mx\/fr\/","url":"https:\/\/www.isaac-del-toro.mx\/fr\/","name":"Isaac del Toro \u2013 Blog non officiel \ud83c\uddf2\ud83c\uddfd\ud83d\udeb4 Infos, bio et calendrier","isPartOf":{"@id":"https:\/\/www.isaac-del-toro.mx\/fr\/#website"},"datePublished":"2020-04-22T16:51:49+00:00","dateModified":"2026-03-09T08:53:05+00:00","description":"Description: Blog francophone d\u00e9di\u00e9 \u00e0 Isaac del Toro : r\u00e9sultats, calendrier, biographie et actualit\u00e9s.","breadcrumb":{"@id":"https:\/\/www.isaac-del-toro.mx\/fr\/#breadcrumb"},"inLanguage":"fr-FR","potentialAction":[{"@type":"ReadAction","target":["https:\/\/www.isaac-del-toro.mx\/fr\/"]}]},{"@type":"BreadcrumbList","@id":"https:\/\/www.isaac-del-toro.mx\/fr\/#breadcrumb","itemListElement":[{"@type":"ListItem","position":1,"name":"Start","item":"https:\/\/www.isaac-del-toro.mx\/fr\/"},{"@type":"ListItem","position":2,"name":"Actualit\u00e9s d\u2019Isaac del Toro"}]},{"@type":"WebSite","@id":"https:\/\/www.isaac-del-toro.mx\/fr\/#website","url":"https:\/\/www.isaac-del-toro.mx\/fr\/","name":"Isaac del Toro Romero","description":"","publisher":{"@id":"https:\/\/www.isaac-del-toro.mx\/fr\/#\/schema\/person\/7cbbcf16bd93d1b98eeb4ab7a1fbd7ba"},"potentialAction":[{"@type":"SearchAction","target":{"@type":"EntryPoint","urlTemplate":"https:\/\/www.isaac-del-toro.mx\/fr\/?s={search_term_string}"},"query-input":{"@type":"PropertyValueSpecification","valueRequired":true,"valueName":"search_term_string"}}],"inLanguage":"fr-FR"},{"@type":["Person","Organization"],"@id":"https:\/\/www.isaac-del-toro.mx\/fr\/#\/schema\/person\/7cbbcf16bd93d1b98eeb4ab7a1fbd7ba","name":"Isaac del Toro Romero","logo":{"@id":"https:\/\/www.isaac-del-toro.mx\/fr\/#\/schema\/person\/image\/"}}]}},"_links":{"self":[{"href":"https:\/\/www.isaac-del-toro.mx\/fr\/wp-json\/wp\/v2\/pages\/130","targetHints":{"allow":["GET"]}}],"collection":[{"href":"https:\/\/www.isaac-del-toro.mx\/fr\/wp-json\/wp\/v2\/pages"}],"about":[{"href":"https:\/\/www.isaac-del-toro.mx\/fr\/wp-json\/wp\/v2\/types\/page"}],"author":[{"embeddable":true,"href":"https:\/\/www.isaac-del-toro.mx\/fr\/wp-json\/wp\/v2\/users\/1"}],"replies":[{"embeddable":true,"href":"https:\/\/www.isaac-del-toro.mx\/fr\/wp-json\/wp\/v2\/comments?post=130"}],"version-history":[{"count":3,"href":"https:\/\/www.isaac-del-toro.mx\/fr\/wp-json\/wp\/v2\/pages\/130\/revisions"}],"predecessor-version":[{"id":688,"href":"https:\/\/www.isaac-del-toro.mx\/fr\/wp-json\/wp\/v2\/pages\/130\/revisions\/688"}],"wp:attachment":[{"href":"https:\/\/www.isaac-del-toro.mx\/fr\/wp-json\/wp\/v2\/media?parent=130"}],"curies":[{"name":"wp","href":"https:\/\/api.w.org\/{rel}","templated":true}]}}